{"id":1034,"date":"2020-06-16T22:28:46","date_gmt":"2020-06-16T22:28:46","guid":{"rendered":"http:\/\/www.iescarlessalvador.es\/?page_id=1034"},"modified":"2021-05-07T14:28:57","modified_gmt":"2021-05-07T14:28:57","slug":"politica-de-privacidad-2","status":"publish","type":"page","link":"https:\/\/www.iescarlessalvador.es\/?page_id=1034","title":{"rendered":"Pol\u00edtica de privacitat"},"content":{"rendered":"\n<h2 class=\"wp-block-heading\">POL\u00cdTICA DE PRIVACITAT<\/h2>\n\n\n\n<p>IES Carles Salvador t&#8217;informa sobre la seua Pol\u00edtica de Privacitat respecte del tractament i protecci\u00f3 de les dades de car\u00e0cter personal dels usuaris que puguen ser recaptats durant la navegaci\u00f3 a trav\u00e9s del lloc web https:\/\/www.iescarlessalvador.es.<\/p>\n\n\n\n<p>En aquest sentit, IES Carles Salvador garanteix el compliment de la normativa vigent en mat\u00e8ria de protecci\u00f3 de dades personals, reflectida en la Llei org\u00e0nica 3\/2018, de 5 de desembre, de Protecci\u00f3 de Dades Personals i de Garantia de Drets Digitals (LOPD GDD). Compleix tamb\u00e9 amb el Reglament (UE) 2016\/679 del Parlament Europeu i del Consell de 27 d&#8217;abril de 2016 relatiu a la protecci\u00f3 de les persones f\u00edsiques (RGPD).<\/p>\n\n\n\n<p>L&#8217;\u00fas de lloc web implica l&#8217;acceptaci\u00f3 d&#8217;aquesta Pol\u00edtica de Privacitat .<\/p>\n\n\n\n<h2 class=\"wp-block-heading\">IDENTITAT DEL RESPONSABLE<\/h2>\n\n\n\n<p>Titular: IES Carles Salvador.<br>Domicili: &#8211; Espanya.<br>Lloc web: https:\/\/www.iescarlessalvador.es<br>PRINCIPIS APLICATS EN EL TRACTAMENT DE DADES<br>En el tractament de les teues dades personals, el Titular aplicar\u00e0 els seg\u00fcents principis que s&#8217;ajusten a les exig\u00e8ncies del nou reglament europeu de protecci\u00f3 de dades (*RGPD):<\/p>\n\n\n\n<p>Principi de licitud, lleialtat i transpar\u00e8ncia: El Titular sempre requerir\u00e0 el consentiment per al tractament de les dades personals que pot ser per a un o diverses finalitats espec\u00edfiques sobre els quals el Titular informar\u00e0 l&#8217;Usuari pr\u00e8viament amb absoluta transpar\u00e8ncia.<br>Principi de minimitzaci\u00f3 de dades: El Titular sol\u00b7licitar\u00e0 nom\u00e9s les dades estrictament necess\u00e0ries per a la fi o les finalitats que els sol\u00b7licita.<br>Principi de limitaci\u00f3 del termini de conservaci\u00f3: El Titular mantindr\u00e0 les dades personals recaptades durant el temps estrictament necessari per a la fi o les finalitats del tractament. El Titular informar\u00e0 l&#8217;Usuari del termini de conservaci\u00f3 corresponent segons la finalitat.<br>En el cas de subscripcions, el Titular revisar\u00e0 peri\u00f2dicament les llistes i eliminar\u00e0 aquells registres inactius durant un temps considerable.<br>Principi d&#8217;integritat i confidencialitat: Les dades personals recaptades seran tractats de tal manera que la seua seguretat, confidencialitat i integritat estiga garantida.<br>El Titular presa les precaucions necess\u00e0ries per a evitar l&#8217;acc\u00e9s no autoritzat o \u00fas indegut de les dades dels seus usuaris per part de tercers.<br>OBTENCI\u00d3 DE DADES PERSONALS<br>Per a navegar per https:\/\/www.iescarlessalvador.es no \u00e9s necessari que facilites cap dada personal.<\/p>\n\n\n\n<p>Els casos en els quals s\u00ed que proporciones les teues dades personals s\u00f3n els seg\u00fcents:<\/p>\n\n\n\n<h2 class=\"wp-block-heading\">DRETS<\/h2>\n\n\n\n<p>El Titular t&#8217;informa que sobre les teues dades personals tens dret a:<\/p>\n\n\n\n<p>Sol\u00b7licitar l&#8217;acc\u00e9s a les dades emmagatzemades.<br>Sol\u00b7licitar una rectificaci\u00f3 o la cancel\u00b7laci\u00f3.<br>Sol\u00b7licitar la limitaci\u00f3 del seu tractament.<br>Oposar-te al tractament.<br>No pots exercitar el dret a la portabilitat de les dades.<\/p>\n\n\n\n<p>L&#8217;exercici d&#8217;aquests drets \u00e9s personal i per tant ha de ser exercit directament per l&#8217;interessat, sol\u00b7licitant-lo directament al Titular, la qual cosa significa que qualsevol client, subscriptor o col\u00b7laborador que haja facilitat les seues dades en algun moment, pot dirigir-se a IES Carles Salvador i demanar informaci\u00f3 sobre les dades que t\u00e9 emmagatzemats i com els ha obtinguts, sol\u00b7licitar la rectificaci\u00f3 d&#8217;aquests, oposar-se al tractament, limitar el seu \u00fas o sol\u00b7licitar la cancel\u00b7laci\u00f3 d&#8217;aqueixes dades en els fitxers del Titular.<\/p>\n\n\n\n<p>Per a exercitar els teus drets d&#8217;acc\u00e9s, rectificaci\u00f3, cancel\u00b7laci\u00f3 i oposici\u00f3 has d&#8217;enviar un correu postal a IES Carles Salvador, &#8211; Espanya, juntament amb la prova v\u00e0lida en dret com una fotoc\u00f2pia del D.N.I. o equivalent.<\/p>\n\n\n\n<p>Tens dret a la tutela judicial efectiva i a presentar una reclamaci\u00f3 davant l&#8217;autoritat de control, en aquest cas, l&#8217;Ag\u00e8ncia Espanyola de Protecci\u00f3 de Dades, si consideres que el tractament de dades personals que et concerneixen infringeix el Reglament.<\/p>\n\n\n\n<h2 class=\"wp-block-heading\">FINALITAT DEL TRACTAMENT DE DADES PERSONALS<\/h2>\n\n\n\n<p>Quan et connectes al lloc web per a manar un correu al Titular, et subscrius al seu butllet\u00ed est\u00e0s facilitant informaci\u00f3 de car\u00e0cter personal de la qual el responsable \u00e9s IES Carles Salvador. Aquesta informaci\u00f3 pot incloure dades de car\u00e0cter personal com poden ser la teua adre\u00e7a IP, nom i cognoms, adre\u00e7a f\u00edsica, adre\u00e7a de correu electr\u00f2nic, n\u00famero de tel\u00e8fon, i una altra informaci\u00f3. En facilitar aquesta informaci\u00f3, dones el teu consentiment perqu\u00e8 la teua informaci\u00f3 siga recopilada, utilitzada, gestionada i emmagatzemada per \u2014 IES Carles Salvador \u2014<\/p>\n\n\n\n<p>Les dades personals i la finalitat del tractament per part del Titular \u00e9s diferent segons el sistema de captura d&#8217;informaci\u00f3:<\/p>\n\n\n\n<p>Existeixen altres finalitats per les quals el Titular tracta dades personals:<\/p>\n\n\n\n<p>Per a garantir el compliment de les condicions recollides en la llei aplicable. Aix\u00f2 pot incloure el desenvolupament d&#8217;eines i algorismes que ajuden aquest lloc web a garantir la confidencialitat de les dades personals que recull.<br>Per a secundar i millorar els serveis que ofereix aquest lloc web.<br>Per a analitzar la navegaci\u00f3 dels usuaris. El Titular recull altres dades no identificatives que s&#8217;obtenen mitjan\u00e7ant l&#8217;\u00fas de cookies que es descarreguen en l&#8217;ordinador de l&#8217;Usuari quan navega pel lloc web les caracter\u00edstiques i la finalitat del qual estan detallades en la Pol\u00edtica de Cookies.<\/p>\n\n\n\n<h2 class=\"wp-block-heading\">SEGURETAT DE LES DADES PERSONALS<\/h2>\n\n\n\n<p>Per a protegir les teues dades personals, el Titular presa totes les precaucions raonables i segueix les millors pr\u00e0ctiques de la ind\u00fastria per a evitar la seua p\u00e8rdua, malament \u00fas, acc\u00e9s indegut, divulgaci\u00f3, alteraci\u00f3 o destrucci\u00f3 d&#8217;aquests.<\/p>\n\n\n\n<p>Les teues dades podran ser incorporats a un fitxer de llista de correu, del qual IES Carles Salvador \u00e9s responsable de la seua gesti\u00f3 i tractament. La seguretat de les teues dades est\u00e0 garantida, ja que IES Carles Salvador pren totes les mesures de seguretat necess\u00e0ries i et garanteix que les dades personals nom\u00e9s s&#8217;usaran per a les finalitats donades.<\/p>\n\n\n\n<p>IES Carles Salvador informa l&#8217;Usuari que les seues dades personals no seran cedits a terceres organitzacions, amb l&#8217;excepci\u00f3 que aquesta cessi\u00f3 de dades estiga emparada en una obligaci\u00f3 legal o quan la prestaci\u00f3 d&#8217;un servei implique la necessitat d&#8217;una relaci\u00f3 contractual amb un encarregat de tractament. En aquest \u00faltim cas, nom\u00e9s es dur\u00e0 a terme la cessi\u00f3 de dades al tercer quan IES Carles Salvador dispose del consentiment expr\u00e9s de l&#8217;Usuari.<\/p>\n\n\n\n<p>No obstant aix\u00f2, en alguns casos es poden realitzar col\u00b7laboracions amb altres professionals, en aqueixos casos, es requerir\u00e0 consentiment a l&#8217;Usuari informant sobre la identitat del col\u00b7laborador i la finalitat de la col\u00b7laboraci\u00f3. Sempre es realitzar\u00e0 amb els m\u00e9s estrictes est\u00e0ndards de seguretat.<\/p>\n\n\n\n<h2 class=\"wp-block-heading\">CONTINGUT D&#8217;ALTRES LLOCS WEB<\/h2>\n\n\n\n<p>Les p\u00e0gines d&#8217;aquest lloc web poden incloure contingut incrustat (per exemple, v\u00eddeos, imatges, articles, etc.). El contingut incrustat d&#8217;altres web es comporta exactament de la mateixa manera que si hagueres visitat l&#8217;altra web.<\/p>\n\n\n\n<p>Aquests llocs web poden recopilar dades sobre tu, utilitzar cookies, incrustar un codi de seguiment addicional de tercers, i supervisar la teua interacci\u00f3 usant aquest codi.<\/p>\n\n\n\n<h2 class=\"wp-block-heading\">POL\u00cdTICA DE COOKIES<\/h2>\n\n\n\n<p>Perqu\u00e8 aquest lloc web funcione correctament necessita utilitzar cookies, que \u00e9s una informaci\u00f3 que s&#8217;emmagatzema en el teu navegador web.<\/p>\n\n\n\n<p>En la p\u00e0gina Pol\u00edtica de Cookies pots consultar tota la informaci\u00f3 relativa a la pol\u00edtica de recollida, la finalitat i el tractament de les cookies.<\/p>\n\n\n\n<h2 class=\"wp-block-heading\">LEGITIMACI\u00d3 PER Al TRACTAMENT DE DADES<\/h2>\n\n\n\n<p>La base legal per al tractament de les teues dades \u00e9s: el consentiment.<\/p>\n\n\n\n<p>Per a contactar amb el Titular, subscriure&#8217;t a un butllet\u00ed o realitzar comentaris en aquest lloc web has d&#8217;acceptar la present Pol\u00edtica de Privacitat.<\/p>\n\n\n\n<h2 class=\"wp-block-heading\">CATEGORIES DE DADES PERSONALS<\/h2>\n\n\n\n<p>Les categories de dades personals que tracta el Titular s\u00f3n:<\/p>\n\n\n\n<p>Dades identificatives.<br>No es tracten categories de dades especialment protegides.<br>CONSERVACI\u00d3 DE DADES PERSONALS<br>Les dades personals que proporcions al Titular es conservaran fins que sol\u00b7licites la seua supressi\u00f3.<\/p>\n\n\n\n<h2 class=\"wp-block-heading\">DESTINATARIS DE DADES PERSONALS<br>NAVEGACI\u00d3 WEB<\/h2>\n\n\n\n<p>En navegar per https:\/\/www.iescarlessalvador.es es poden recollir dades no identificatives, que poden incloure, l&#8217;adre\u00e7a IP, geolocalitzaci\u00f3, un registre de com s&#8217;utilitzen els serveis i llocs, h\u00e0bits de navegaci\u00f3 i altres dades que no poden ser utilitzats per a identificar-te.<\/p>\n\n\n\n<p>El lloc web utilitza els seg\u00fcents serveis d&#8217;an\u00e0lisis de tercers:<\/p>\n\n\n\n<p>El Titular utilitza la informaci\u00f3 obtinguda per a obtindre dades estad\u00edstiques, analitzar tend\u00e8ncies, administrar el lloc, estudiar patrons de navegaci\u00f3 i per a recopilar informaci\u00f3 demogr\u00e0fica.<\/p>\n\n\n\n<p>El Titular no es fa responsable del tractament de les dades personals que realitzen les p\u00e0gines web a les quals pugues accedir a trav\u00e9s dels diferents enlla\u00e7os que cont\u00e9 el lloc web.<\/p>\n\n\n\n<h2 class=\"wp-block-heading\">EXACTITUD I VERACITAT DE LES DADES PERSONALS<\/h2>\n\n\n\n<p>Et compromets al fet que les dades facilitades al Titular siguen correctes, complets, exactes i vigents, aix\u00ed com a mantindre&#8217;ls degudament actualitzats.<\/p>\n\n\n\n<p>Com a Usuari del lloc web eres l&#8217;\u00fanic responsable de la veracitat i correcci\u00f3 de les dades remeses al lloc web exonerant a IES Carles Salvador de qualsevol responsabilitat sobre aquest tema.<\/p>\n\n\n\n<h2 class=\"wp-block-heading\">ACCEPTACI\u00d3 I CONSENTIMENT<\/h2>\n\n\n\n<p>Com a Usuari del lloc web declares haver sigut informat de les condicions sobre protecci\u00f3 de dades de car\u00e0cter personal, acceptes i consents el tractament dels mateixos per part d&#8217;IES Carles Salvador en la forma i per a les finalitats indicades en aquesta Pol\u00edtica de Privacitat.<\/p>\n\n\n\n<h2 class=\"wp-block-heading\">REVOCABILITAT<\/h2>\n\n\n\n<p>Per a exercitar els teus drets d&#8217;acc\u00e9s, rectificaci\u00f3, cancel\u00b7laci\u00f3 i oposici\u00f3 has d&#8217;enviar un correu postal a IES Carles Salvador, &#8211; Espanya, juntament amb la prova v\u00e0lida en dret com una fotoc\u00f2pia del D.N.I. o equivalent.<\/p>\n\n\n\n<p>L&#8217;exercici d&#8217;aquests drets no inclou cap dada que IES Carles Salvador estiga obligat a conservar amb finalitats administratius, legals o de seguretat.<\/p>\n\n\n\n<h2 class=\"wp-block-heading\">CANVIS EN LA POL\u00cdTICA DE PRIVACITAT<\/h2>\n\n\n\n<p>El Titular es reserva el dret a modificar la present Pol\u00edtica de Privacitat per a adaptar-la a novetats legislatives o jurisprudencials, aix\u00ed com a pr\u00e0ctiques de la ind\u00fastria.<\/p>\n\n\n\n<p>Aquestes pol\u00edtiques estaran vigents fins que siguen modificades per unes altres degudament publicades.<\/p>\n","protected":false},"excerpt":{"rendered":"<p>POL\u00cdTICA DE PRIVACITAT IES Carles Salvador t&#8217;informa sobre la seua Pol\u00edtica de Privacitat respecte del tractament i protecci\u00f3 de les dades de car\u00e0cter personal dels usuaris que puguen ser recaptats durant la navegaci\u00f3 a trav\u00e9s del lloc web https:\/\/www.iescarlessalvador.es. En aquest sentit, IES Carles Salvador garanteix el compliment de la normativa vigent en mat\u00e8ria de&hellip;&nbsp;<a href=\"https:\/\/www.iescarlessalvador.es\/?page_id=1034\" class=\"\" rel=\"bookmark\">Leer m\u00e1s &raquo;<span class=\"screen-reader-text\">Pol\u00edtica de privacitat<\/span><\/a><\/p>\n","protected":false},"author":1,"featured_media":0,"parent":0,"menu_order":0,"comment_status":"closed","ping_status":"closed","template":"","meta":{"rop_custom_images_group":[],"rop_custom_messages_group":[],"rop_publish_now":"initial","rop_publish_now_accounts":[],"rop_publish_now_history":[],"rop_publish_now_status":"pending","neve_meta_sidebar":"full-width","neve_meta_container":"","neve_meta_enable_content_width":"on","neve_meta_content_width":100,"neve_meta_title_alignment":"","neve_meta_author_avatar":"","neve_post_elements_order":"","neve_meta_disable_header":"","neve_meta_disable_footer":"","neve_meta_disable_title":"","footnotes":""},"class_list":["post-1034","page","type-page","status-publish","hentry"],"_links":{"self":[{"href":"https:\/\/www.iescarlessalvador.es\/index.php?rest_route=\/wp\/v2\/pages\/1034","targetHints":{"allow":["GET"]}}],"collection":[{"href":"https:\/\/www.iescarlessalvador.es\/index.php?rest_route=\/wp\/v2\/pages"}],"about":[{"href":"https:\/\/www.iescarlessalvador.es\/index.php?rest_route=\/wp\/v2\/types\/page"}],"author":[{"embeddable":true,"href":"https:\/\/www.iescarlessalvador.es\/index.php?rest_route=\/wp\/v2\/users\/1"}],"replies":[{"embeddable":true,"href":"https:\/\/www.iescarlessalvador.es\/index.php?rest_route=%2Fwp%2Fv2%2Fcomments&post=1034"}],"version-history":[{"count":3,"href":"https:\/\/www.iescarlessalvador.es\/index.php?rest_route=\/wp\/v2\/pages\/1034\/revisions"}],"predecessor-version":[{"id":1836,"href":"https:\/\/www.iescarlessalvador.es\/index.php?rest_route=\/wp\/v2\/pages\/1034\/revisions\/1836"}],"wp:attachment":[{"href":"https:\/\/www.iescarlessalvador.es\/index.php?rest_route=%2Fwp%2Fv2%2Fmedia&parent=1034"}],"curies":[{"name":"wp","href":"https:\/\/api.w.org\/{rel}","templated":true}]}}