{"id":1147,"date":"2020-06-17T22:56:24","date_gmt":"2020-06-17T22:56:24","guid":{"rendered":"http:\/\/www.iescarlessalvador.es\/?page_id=1147"},"modified":"2021-06-24T19:40:23","modified_gmt":"2021-06-24T19:40:23","slug":"jov-embaj-onu-2","status":"publish","type":"page","link":"https:\/\/www.iescarlessalvador.es\/?page_id=1147","title":{"rendered":"Jov. Ambaj. ONU"},"content":{"rendered":"\n<div class=\"wp-block-image\"><figure class=\"aligncenter size-large is-resized\"><img fetchpriority=\"high\" decoding=\"async\" src=\"https:\/\/www.iescarlessalvador.es\/wp-content\/uploads\/2020\/06\/joves_ods2-1024x768.jpg\" alt=\"\" class=\"wp-image-850\" width=\"512\" height=\"384\" srcset=\"https:\/\/www.iescarlessalvador.es\/wp-content\/uploads\/2020\/06\/joves_ods2-1024x768.jpg 1024w, https:\/\/www.iescarlessalvador.es\/wp-content\/uploads\/2020\/06\/joves_ods2-300x225.jpg 300w, https:\/\/www.iescarlessalvador.es\/wp-content\/uploads\/2020\/06\/joves_ods2-768x576.jpg 768w, https:\/\/www.iescarlessalvador.es\/wp-content\/uploads\/2020\/06\/joves_ods2.jpg 1416w\" sizes=\"(max-width: 512px) 100vw, 512px\" \/><\/figure><\/div>\n\n\n\n<p>El Programa Ambaixador J\u00fanior dels Objectius de Desenvolupament Sostenible (*JAP) per a l&#8217;any acad\u00e8mic 2017-2018 ens *di\u00f3 l&#8217;oportunitat de nomenar a 5 dels nostres alumnes com a Ambaixadors representants.&amp;<em>nbsp; &amp;<\/em>nbsp;&lt;<em>br&gt;Mitjan\u00e7ant aquest programa es van preparar una s\u00e8rie d&#8217;activitats relacionades amb els Objectius de Desenvolupament Sostenible de les Nacions Unides (<\/em>ODS), afavorits pel Centre Global de Serveis de les Nacions Unides (<em>UNGSC) en cooperaci\u00f3 amb el Fons dels Objectius del Desenvolupament Sostenible (<\/em>SDGF).<br>Els Ambaixadors J\u00fanior seleccionats han dut a terme la coordinaci\u00f3 i implementaci\u00f3 d&#8217;activitats de difusi\u00f3 dels Objectius de Desenvolupament Sostenible en el nostre centre. Aquestes activitats que estem realitzant estan destinades a promoure els bons h\u00e0bits per a la sostenibilitat del planeta i donar a con\u00e9ixer a tots els nostres alumnes els 17 ODS.<\/p>\n\n\n\n<p>En el Cim per al Desenvolupament Sostenible (Nova York, setembre de 2015) l&#8217;Assemblea General de l&#8217;ONU va aprovar l&#8217;Agenda 2030 per al desenvolupament sostenible, que inclou un conjunt de 17 Objectius de Desenvolupament Sostenible i suposen una crida universal per a erradicar la pobresa, protegir el planeta i garantir que totes les persones gaudisquen de pau i prosperitat. Cada objectiu t\u00e9 metes espec\u00edfiques que han d&#8217;aconseguir-se en els pr\u00f2xims 15 anys. Aquest programa ofereix una oportunitat \u00fanica perqu\u00e8 tots els estudiants del nostre institut i educadors (docents i AMPA) participen activament amb les Nacions Unides, abordant a l&#8217;aula assumptes mundials d&#8217;actualitat<\/p>\n\n\n\n<div class=\"wp-block-image\"><figure class=\"aligncenter size-large is-resized\"><img decoding=\"async\" src=\"https:\/\/www.iescarlessalvador.es\/wp-content\/uploads\/2020\/06\/joves_ods3-1024x768.jpg\" alt=\"\" class=\"wp-image-851\" width=\"512\" height=\"384\" srcset=\"https:\/\/www.iescarlessalvador.es\/wp-content\/uploads\/2020\/06\/joves_ods3-1024x768.jpg 1024w, https:\/\/www.iescarlessalvador.es\/wp-content\/uploads\/2020\/06\/joves_ods3-300x225.jpg 300w, https:\/\/www.iescarlessalvador.es\/wp-content\/uploads\/2020\/06\/joves_ods3-768x576.jpg 768w, https:\/\/www.iescarlessalvador.es\/wp-content\/uploads\/2020\/06\/joves_ods3-1536x1152.jpg 1536w, https:\/\/www.iescarlessalvador.es\/wp-content\/uploads\/2020\/06\/joves_ods3.jpg 1600w\" sizes=\"(max-width: 512px) 100vw, 512px\" \/><\/figure><\/div>\n\n\n\n<p>Els nostres Joves Ambaixadors tenen la missi\u00f3 de donar a con\u00e9ixer a tots els alumnes del nostre centre els 17 *ODS. Mitjan\u00e7ant els projectes que pretenem realitzar perseguim transmetre la import\u00e0ncia que aquests tenen amb la finalitat d&#8217;aconseguir una societat sostenible i un m\u00f3n m\u00e9s just que assegure el benestar i el gaudi per part de les generacions futures.<\/p>\n\n\n\n<div class=\"wp-block-image\"><figure class=\"aligncenter size-large is-resized\"><img decoding=\"async\" src=\"https:\/\/www.iescarlessalvador.es\/wp-content\/uploads\/2020\/06\/joves_ods4-1024x768.jpg\" alt=\"\" class=\"wp-image-852\" width=\"768\" height=\"576\" srcset=\"https:\/\/www.iescarlessalvador.es\/wp-content\/uploads\/2020\/06\/joves_ods4-1024x768.jpg 1024w, https:\/\/www.iescarlessalvador.es\/wp-content\/uploads\/2020\/06\/joves_ods4-300x225.jpg 300w, https:\/\/www.iescarlessalvador.es\/wp-content\/uploads\/2020\/06\/joves_ods4-768x576.jpg 768w, https:\/\/www.iescarlessalvador.es\/wp-content\/uploads\/2020\/06\/joves_ods4-1536x1152.jpg 1536w, https:\/\/www.iescarlessalvador.es\/wp-content\/uploads\/2020\/06\/joves_ods4.jpg 1600w\" sizes=\"(max-width: 768px) 100vw, 768px\" \/><\/figure><\/div>\n\n\n\n<p>D&#8217;aquesta manera el programa pret\u00e9n brindar una oportunitat als nostres alumnes per a generar idees innovadores i obtindre experi\u00e8ncia pr\u00e0ctica i, al mateix temps, influenciar a uns altres en la comunitat per a crear un estil de vida m\u00e9s solidari i un futur sostenible. Entre els molts beneficis del programa per als nostres Joves Ambaixadors cal destacar l&#8217;aprenentatge de l&#8217;\u00fas del debat d&#8217;idees, millora del nivell d&#8217;orat\u00f2ria i qualitats de negociaci\u00f3, i ajudar\u00e0 a preparar futurs l\u00edders, amb consci\u00e8ncia social i solid\u00e0ria.<\/p>\n\n\n\n<div class=\"wp-block-image\"><figure class=\"aligncenter size-large is-resized\"><img loading=\"lazy\" decoding=\"async\" src=\"https:\/\/www.iescarlessalvador.es\/wp-content\/uploads\/2020\/06\/joves_ods5-1024x768.jpg\" alt=\"\" class=\"wp-image-855\" width=\"768\" height=\"576\" srcset=\"https:\/\/www.iescarlessalvador.es\/wp-content\/uploads\/2020\/06\/joves_ods5-1024x768.jpg 1024w, https:\/\/www.iescarlessalvador.es\/wp-content\/uploads\/2020\/06\/joves_ods5-300x225.jpg 300w, https:\/\/www.iescarlessalvador.es\/wp-content\/uploads\/2020\/06\/joves_ods5-768x576.jpg 768w, https:\/\/www.iescarlessalvador.es\/wp-content\/uploads\/2020\/06\/joves_ods5-1536x1152.jpg 1536w, https:\/\/www.iescarlessalvador.es\/wp-content\/uploads\/2020\/06\/joves_ods5.jpg 1600w\" sizes=\"(max-width: 768px) 100vw, 768px\" \/><\/figure><\/div>\n\n\n\n<p>El nostre centre est\u00e0 conven\u00e7ut que el canvi que els *ODS busquen nom\u00e9s pot aconseguir-se amb la participaci\u00f3 de tots, i per aix\u00f2 ens sembla que \u00e9s molt important que els estudiants s&#8217;involucren, perqu\u00e8 aquestes conductes tinguen un impacte positiu que en un futur ajuden a crear un m\u00f3n millor.<\/p>\n\n\n\n<p>El passat 29 de maig, se va celebrar el  D\u00eda del Personal de Pau de Nacions Unides. Aquesta celebraci\u00f3 la realitzaren de forma conjunta els centres de comunicacions de Nacions Unides de Valencia i de Br\u00edndisi (Italia).<br><br>Aquest any les Nacions Unides dedicaren aquest d\u00eda a les dones que treballen en missions de pau. D&#8217;aquesta manera els Ambaixadors del nostre institut participaren, junt amb ambaixadors d&#8217;altres centres que pertanyen al programa Joves Ambaixadors,  en l&#8217;elaboraci\u00f3 d&#8217;un v\u00eddeo sobre l&#8217;objetiu n\u00famero cinc, igualtat de g\u00e8nere.<br><br>El v\u00eddeo va servir per tancar l&#8217;event. <\/p>\n\n\n\n<figure class=\"wp-block-embed is-type-video is-provider-youtube wp-block-embed-youtube wp-embed-aspect-16-9 wp-has-aspect-ratio\"><div class=\"wp-block-embed__wrapper\">\n<div class=\"nv-iframe-embed\"><iframe title=\"J\u00f3venes Embajadores ONU Objetivo PAZ &quot;Mujeres que trabajan en misiones de paz&quot;\" width=\"1200\" height=\"675\" src=\"https:\/\/www.youtube.com\/embed\/VhCttUvj3h0?feature=oembed\" frameborder=\"0\" allow=\"accelerometer; autoplay; clipboard-write; encrypted-media; gyroscope; picture-in-picture\" allowfullscreen><\/iframe><\/div>\n<\/div><\/figure>\n\n\n\n<p class=\"has-text-align-center\"><em>Resum del programa:<\/em><\/p>\n\n\n\n<p class=\"has-text-align-center\"><strong>Programa Joves Ambaixadors i Ambaixadores dels ODS de les Nacions Unides<\/strong><\/p>\n\n\n\n<p>&nbsp;El Centre de les Nacions Unides de Tecnologia de la informaci\u00f3 i&nbsp;de les Comunicacions a Val\u00e8ncia (<em>UNICTF) ens va convidar a participar en el Programa Ambaixador J\u00fanior dels Objectius de Desenvolupament Sostenible (<\/em>JAP) per a l&#8217;any acad\u00e8mic 2017-2018. Aquest programa ens va donar l&#8217;oportunitat de nomenar, al principi, a 5 estudiants com a Ambaixadors\/as representants, la missi\u00f3 dels quals \u00e9s la de donar a con\u00e9ixer a tot l&#8217;alumnat del nostre centre els 17 ODS i promoure els bons h\u00e0bits per a la sostenibilitat del planeta.<\/p>\n\n\n\n<p>Aquest objectiu s&#8217;est\u00e0 duent a terme mitjan\u00e7ant projectes que pretenen transmetre la import\u00e0ncia que aquests tenen, amb la finalitat d&#8217;aconseguir una societat sostenible i un m\u00f3n m\u00e9s just que assegure el benestar i el gaudi&nbsp; per part de les generacions futures.<\/p>\n\n\n\n<p>&nbsp;D&#8217;aquesta manera el programa pret\u00e9n brindar una oportunitat al nostre alumnat per a &nbsp;generar idees innovadores i obtindre experi\u00e8ncia pr\u00e0ctica i, al mateix temps, influenciar a uns altres en la comunitat per a crear un estil de vida m\u00e9s solidari i un futur sostenible.&nbsp;<\/p>\n\n\n\n<p><br>El nostre centre est\u00e0 conven\u00e7ut que el canvi que els ODS busquen nom\u00e9s pot aconseguir-se amb la participaci\u00f3 de tots, i per aix\u00f2 ens sembla que \u00e9s molt important que els estudiants s&#8217;involucren, perqu\u00e8 aquestes conductes tinguen un impacte positiu que en un futur ajuden a crear un m\u00f3n millor.<\/p>\n\n\n\n<p>Per al desenvolupament d&#8217;aquest programa hem realitzat nombroses activitats han sigut dissenyades per a explicar i mostrar la import\u00e0ncia de complir, si no tots els objectius, la majoria d&#8217;ells.<br>Algunes d&#8217;elles s\u00f3n les seg\u00fcents:<\/p>\n\n\n\n<p>&#8211; Elaboraci\u00f3 d&#8217;un v\u00eddeo explicatiu, per part de l&#8217;alumnat ambaixador, on descriuran els diferents objectius del mil\u00b7lenni, aix\u00ed com la import\u00e0ncia de complir-los, per a aconseguir un canvi positiu en benefici de les persones i el planeta, (gener).<br>&#8211; Xarrades impartides per l&#8217;alumnat ambaixador sobre els ODS i l&#8217;agenda 2030. Aquestes xarrades s&#8217;han dut a terme en el nostre IES i tamb\u00e9 en la base de Nacions Unides a diferents col\u00b7legis i instituts.<br>&#8211; Treball per tutories dels 17 Objectius de Desenvolupament Sostenible. Realitzaci\u00f3 del logotips de cada ODS i de murals. D&#8217;aquesta manera s&#8217;han repartit els 17 ODS per grups, tenint en compte el nivell de dificultat, per al desenvolupament dels treballs per part dels alumnes.<\/p>\n\n\n\n<p>&#8211; Realitzaci\u00f3 d&#8217;una campanya de recollida de material escolar i aliments en el centre, amb la finalitat de ser donats a Creu Roja, per a ser enviats a una zona del m\u00f3n necessitada.<br>&#8211; Plantaci\u00f3 d&#8217;arbres en una zona desforestada. L&#8217;alumnat de 1r d&#8217;ESO , va participar en aquesta activitat encaminada a conscienciar sobre la import\u00e0ncia i el respecte al medi ambient i combatre de manera sostenible al canvi clim\u00e0tic.<br>&#8211; Projecte solidari: carrera solid\u00e0ria virtual i treball de recerca relacionat amb els ODS, sobre com millorar el m\u00f3n amb les nostres accions.<\/p>\n\n\n\n<p><\/p>\n","protected":false},"excerpt":{"rendered":"<p>El Programa Ambaixador J\u00fanior dels Objectius de Desenvolupament Sostenible (*JAP) per a l&#8217;any acad\u00e8mic 2017-2018 ens *di\u00f3 l&#8217;oportunitat de nomenar a 5 dels nostres alumnes com a Ambaixadors representants.&amp;nbsp; &amp;nbsp;&lt;br&gt;Mitjan\u00e7ant aquest programa es van preparar una s\u00e8rie d&#8217;activitats relacionades amb els Objectius de Desenvolupament Sostenible de les Nacions Unides (ODS), afavorits pel Centre Global de&hellip;&nbsp;<a href=\"https:\/\/www.iescarlessalvador.es\/?page_id=1147\" class=\"\" rel=\"bookmark\">Leer m\u00e1s &raquo;<span class=\"screen-reader-text\">Jov. Ambaj. ONU<\/span><\/a><\/p>\n","protected":false},"author":1,"featured_media":0,"parent":0,"menu_order":0,"comment_status":"closed","ping_status":"closed","template":"","meta":{"rop_custom_images_group":[],"rop_custom_messages_group":[],"rop_publish_now":"initial","rop_publish_now_accounts":[],"rop_publish_now_history":[],"rop_publish_now_status":"pending","neve_meta_sidebar":"right","neve_meta_container":"contained","neve_meta_enable_content_width":"off","neve_meta_content_width":100,"neve_meta_title_alignment":"","neve_meta_author_avatar":"","neve_post_elements_order":"","neve_meta_disable_header":"","neve_meta_disable_footer":"","neve_meta_disable_title":"","footnotes":""},"class_list":["post-1147","page","type-page","status-publish","hentry"],"_links":{"self":[{"href":"https:\/\/www.iescarlessalvador.es\/index.php?rest_route=\/wp\/v2\/pages\/1147","targetHints":{"allow":["GET"]}}],"collection":[{"href":"https:\/\/www.iescarlessalvador.es\/index.php?rest_route=\/wp\/v2\/pages"}],"about":[{"href":"https:\/\/www.iescarlessalvador.es\/index.php?rest_route=\/wp\/v2\/types\/page"}],"author":[{"embeddable":true,"href":"https:\/\/www.iescarlessalvador.es\/index.php?rest_route=\/wp\/v2\/users\/1"}],"replies":[{"embeddable":true,"href":"https:\/\/www.iescarlessalvador.es\/index.php?rest_route=%2Fwp%2Fv2%2Fcomments&post=1147"}],"version-history":[{"count":8,"href":"https:\/\/www.iescarlessalvador.es\/index.php?rest_route=\/wp\/v2\/pages\/1147\/revisions"}],"predecessor-version":[{"id":2045,"href":"https:\/\/www.iescarlessalvador.es\/index.php?rest_route=\/wp\/v2\/pages\/1147\/revisions\/2045"}],"wp:attachment":[{"href":"https:\/\/www.iescarlessalvador.es\/index.php?rest_route=%2Fwp%2Fv2%2Fmedia&parent=1147"}],"curies":[{"name":"wp","href":"https:\/\/api.w.org\/{rel}","templated":true}]}}