{"id":5437,"date":"2026-03-02T20:23:41","date_gmt":"2026-03-02T20:23:41","guid":{"rendered":"https:\/\/www.iescarlessalvador.es\/?page_id=5437"},"modified":"2026-03-03T09:04:25","modified_gmt":"2026-03-03T09:04:25","slug":"admision-2025-26","status":"publish","type":"page","link":"https:\/\/www.iescarlessalvador.es\/?page_id=5437&lang=es","title":{"rendered":"Admisi\u00f3n 2026-27"},"content":{"rendered":"\n<p><strong>No es necesario hacer ADMISI\u00d3N si:<\/strong><\/p>\n\n\n\n<ul class=\"wp-block-list\">\n<li>Eres alumno\/a del centro y continuas en la misma etapa (ESO, Bachillerato, FPB, Ciclos Formativos).<\/li>\n\n\n\n<li>Eres alumno\/a del \u00abCEIP Platero y yo\u00bb o del \u00abCEIP Mariano Benlliure\u00bb (centros de primaria adscritos).<\/li>\n<\/ul>\n\n\n\n<p><strong>Tienes que hacer ADMISI\u00d3N si:<\/strong><\/p>\n\n\n\n<ul class=\"wp-block-list\">\n<li>Eres alumno\/a del centro y cambias de etapa. Pasas de ESO a 1\u00ba de Bachillerato, 1\u00ba de FPB o 1\u00ba de FP de Grado Medio o Superior.<\/li>\n\n\n\n<li>Eres alumno\/a de un colegio diferente a los anteriores<\/li>\n\n\n\n<li>No eres alumno\/a del centro y quieres venir el pr\u00f3ximo curso.<\/li>\n<\/ul>\n\n\n\n<p class=\"has-text-align-center\"><a href=\"https:\/\/ceice.gva.es\/es\/web\/admision-alumnado\">Enlace a la p\u00e1gina web de la Conseller\u00eda de Educaci\u00f3n<\/a><\/p>\n\n\n\n<p class=\"has-text-align-center\"><strong>INSTRUCCIONES PRESENTACI\u00d3N DE SOLICITUD DE ADMISI\u00d3N ESO Y BACHILLERATO CURSO 2026-2027<\/strong><\/p>\n\n\n\n<p class=\"has-text-align-center\"><a href=\"https:\/\/www.iescarlessalvador.es\/wp-content\/uploads\/2026\/03\/CartelCalendario-AdmisionESOyBACH_cll.pdf\">CALENDARIO ADMISI\u00d3N ESO-BACH 2026-27<\/a><\/p>\n\n\n\n<p class=\"has-text-align-center\">INSTRUCCIONES PRESENTACI\u00d3N SOLICITUD DE ADMISI\u00d3N EN FP CURSP 2026-27 (Grado B\u00e1sico, Medio o Superior)<\/p>\n\n\n\n<p class=\"has-text-align-center\">CALENDARIO ADMISI\u00d3N FP 2026-27<\/p>\n\n\n\n<p class=\"has-text-align-center\"><a href=\"https:\/\/portal.edu.gva.es\/adminova\/es\/inicio\/\">ADMINOVA<\/a><\/p>\n\n\n\n<p>Presentaci\u00f3n de la jornada de puertas abiertas realizada el 15 de mayo 2025:   <a href=\"https:\/\/www.iescarlessalvador.es\/wp-content\/uploads\/2025\/05\/jornada-portes-obertes_25-26.pdf\">https:\/\/www.iescarlessalvador.es\/wp-content\/uploads\/2025\/05\/jornada-portes-obertes_25-26.pdf<\/a><\/p>\n\n\n\n<p>QR para obtener el archivo pdf:<\/p>\n\n\n<div class=\"wp-block-image\">\n<figure class=\"aligncenter size-full is-resized\"><img fetchpriority=\"high\" decoding=\"async\" width=\"1024\" height=\"1024\" src=\"https:\/\/www.iescarlessalvador.es\/wp-content\/uploads\/2025\/05\/Jornada_Portes_Obertes_IES_CARLES_SALVADOR_25-26-1024.png\" alt=\"\" class=\"wp-image-5701\" style=\"width:456px;height:auto\" srcset=\"https:\/\/www.iescarlessalvador.es\/wp-content\/uploads\/2025\/05\/Jornada_Portes_Obertes_IES_CARLES_SALVADOR_25-26-1024.png 1024w, https:\/\/www.iescarlessalvador.es\/wp-content\/uploads\/2025\/05\/Jornada_Portes_Obertes_IES_CARLES_SALVADOR_25-26-1024-300x300.png 300w, https:\/\/www.iescarlessalvador.es\/wp-content\/uploads\/2025\/05\/Jornada_Portes_Obertes_IES_CARLES_SALVADOR_25-26-1024-150x150.png 150w, https:\/\/www.iescarlessalvador.es\/wp-content\/uploads\/2025\/05\/Jornada_Portes_Obertes_IES_CARLES_SALVADOR_25-26-1024-768x768.png 768w\" sizes=\"(max-width: 1024px) 100vw, 1024px\" \/><\/figure><\/div>","protected":false},"excerpt":{"rendered":"<p>No es necesario hacer ADMISI\u00d3N si: Tienes que hacer ADMISI\u00d3N si: Enlace a la p\u00e1gina web de la Conseller\u00eda de Educaci\u00f3n INSTRUCCIONES PRESENTACI\u00d3N DE SOLICITUD DE ADMISI\u00d3N ESO Y BACHILLERATO CURSO 2026-2027 CALENDARIO ADMISI\u00d3N ESO-BACH 2026-27 INSTRUCCIONES PRESENTACI\u00d3N SOLICITUD DE ADMISI\u00d3N EN FP CURSP 2026-27 (Grado B\u00e1sico, Medio o Superior) CALENDARIO ADMISI\u00d3N FP 2026-27 ADMINOVA&hellip;&nbsp;<a href=\"https:\/\/www.iescarlessalvador.es\/?page_id=5437&#038;lang=es\" class=\"\" rel=\"bookmark\">Leer m\u00e1s &raquo;<span class=\"screen-reader-text\">Admisi\u00f3n 2026-27<\/span><\/a><\/p>\n","protected":false},"author":1,"featured_media":0,"parent":0,"menu_order":0,"comment_status":"closed","ping_status":"closed","template":"","meta":{"rop_custom_images_group":[],"rop_custom_messages_group":[],"rop_publish_now":"initial","rop_publish_now_accounts":[],"rop_publish_now_history":[],"rop_publish_now_status":"pending","neve_meta_sidebar":"full-width","neve_meta_container":"","neve_meta_enable_content_width":"on","neve_meta_content_width":100,"neve_meta_title_alignment":"","neve_meta_author_avatar":"","neve_post_elements_order":"","neve_meta_disable_header":"","neve_meta_disable_footer":"","neve_meta_disable_title":"","footnotes":""},"class_list":["post-5437","page","type-page","status-publish","hentry"],"_links":{"self":[{"href":"https:\/\/www.iescarlessalvador.es\/index.php?rest_route=\/wp\/v2\/pages\/5437","targetHints":{"allow":["GET"]}}],"collection":[{"href":"https:\/\/www.iescarlessalvador.es\/index.php?rest_route=\/wp\/v2\/pages"}],"about":[{"href":"https:\/\/www.iescarlessalvador.es\/index.php?rest_route=\/wp\/v2\/types\/page"}],"author":[{"embeddable":true,"href":"https:\/\/www.iescarlessalvador.es\/index.php?rest_route=\/wp\/v2\/users\/1"}],"replies":[{"embeddable":true,"href":"https:\/\/www.iescarlessalvador.es\/index.php?rest_route=%2Fwp%2Fv2%2Fcomments&post=5437"}],"version-history":[{"count":6,"href":"https:\/\/www.iescarlessalvador.es\/index.php?rest_route=\/wp\/v2\/pages\/5437\/revisions"}],"predecessor-version":[{"id":6377,"href":"https:\/\/www.iescarlessalvador.es\/index.php?rest_route=\/wp\/v2\/pages\/5437\/revisions\/6377"}],"wp:attachment":[{"href":"https:\/\/www.iescarlessalvador.es\/index.php?rest_route=%2Fwp%2Fv2%2Fmedia&parent=5437"}],"curies":[{"name":"wp","href":"https:\/\/api.w.org\/{rel}","templated":true}]}}