{"id":5908,"date":"2025-06-10T17:56:18","date_gmt":"2025-06-10T17:56:18","guid":{"rendered":"https:\/\/www.iescarlessalvador.es\/?page_id=5908"},"modified":"2026-03-31T17:08:57","modified_gmt":"2026-03-31T17:08:57","slug":"optatives-curs-2024-25","status":"publish","type":"page","link":"https:\/\/www.iescarlessalvador.es\/?page_id=5908","title":{"rendered":"Optatives curs 2026-27"},"content":{"rendered":"\n<p>Aquesta es la relaci\u00f3 de mat\u00e8ries optatives que pots triar, i la informaci\u00f3 necess\u00e0ria perqu\u00e8 pugues decidir la que m\u00e9s t&#8217;interessa:<\/p>\n\n\n\n<h3 class=\"wp-block-heading has-text-align-left\"><strong><mark style=\"background-color:rgba(0, 0, 0, 0)\" class=\"has-inline-color has-nv-c-2-color\">1r d&#8217;ESO<\/mark><\/strong><\/h3>\n\n\n\n<div class=\"wp-block-group\"><div class=\"wp-block-group__inner-container is-layout-constrained wp-block-group-is-layout-constrained\">\n<p>\u00a8&nbsp; Taller de Relacions Digitals Responsables (INFORM\u00c0TICA)<\/p>\n\n\n\n<p>\u00a8&nbsp; &nbsp;Segona Llengua Estrangera (FRANC\u00c9S)<\/p>\n\n\n\n<p>\u00a8 &nbsp;<a href=\"https:\/\/www.iescarlessalvador.es\/wp-content\/uploads\/2025\/06\/Laboratorio_Creacion_audiovisual_1ESO.pdf\">Laboratori de Creaci\u00f3 Audiovisual (PL\u00c0STICA)<\/a><\/p>\n\n\n\n<p>\u00a8&nbsp; <a href=\"https:\/\/www.iescarlessalvador.es\/wp-content\/uploads\/2025\/06\/Competencia-en-comunicacion-oral_ANGLES.pdf\">Compet\u00e8ncia Comunicativa Oral en Angl\u00e8s<\/a><\/p>\n\n\n\n<p>\u00a8&nbsp; <a href=\"https:\/\/www.iescarlessalvador.es\/wp-content\/uploads\/2025\/06\/ArtsEsceniques-1-ESO.pdf\">Laboratori d\u2019Arts Esc\u00e8niques <\/a><\/p>\n\n\n\n<p>\u00a8&nbsp; <a href=\"https:\/\/www.iescarlessalvador.es\/wp-content\/uploads\/2025\/06\/INFOGRAFIA-TALLER-PROFUNDIZACION-1o-ESO-EL-DEPORTE-ES-VIDA.pdf\">Taller d\u2019Aprofundiment \u201cEl deporte es vida\u201d&nbsp;&nbsp;<\/a><\/p>\n\n\n\n<p>&nbsp; \u00a8&nbsp; Taller Refor\u00e7 CASTELL\u00c0<\/p>\n\n\n\n<p>\u00a8&nbsp; Taller Refor\u00e7 MATEM\u00c0TIQUES<\/p>\n\n\n\n<p>\u00a8&nbsp; Taller Refor\u00e7 VALENCI\u00c0<\/p>\n<\/div><\/div>\n\n\n\n<h3 class=\"wp-block-heading has-text-align-left\"><strong><mark style=\"background-color:rgba(0, 0, 0, 0)\" class=\"has-inline-color has-nv-c-2-color\">2n d&#8217;ESO<\/mark><\/strong><\/h3>\n\n\n\n<div class=\"wp-block-group\"><div class=\"wp-block-group__inner-container is-layout-constrained wp-block-group-is-layout-constrained\">\n<p>\u00a8&nbsp; <a href=\"https:\/\/www.iescarlessalvador.es\/wp-content\/uploads\/2025\/06\/ESS_2ESO.pdf\">Emprenedoria Social i Sostenible<\/a><\/p>\n\n\n\n<p>\u00a8&nbsp; <a href=\"https:\/\/www.iescarlessalvador.es\/wp-content\/uploads\/2025\/06\/INFOGRAFIA_PIAR-I.pdf\">Programaci\u00f3 Intel\u00b7lig\u00e8ncia Artificial i Rob\u00f2tica I<\/a><\/p>\n\n\n\n<p>\u00a8 &nbsp;Segona Llengua Estrangera (FRANC\u00c9S)<\/p>\n\n\n\n<p>\u00a8&nbsp; <a href=\"https:\/\/www.iescarlessalvador.es\/wp-content\/uploads\/2025\/06\/Programacio-de-videojocs-amb-IA_2nESO_INFO.pdf\">Taller \u201cCreaci\u00f3 de Videojocs amb IA amb Scratch\u201d<\/a><\/p>\n\n\n\n<p>\u00a8&nbsp; <a href=\"https:\/\/www.iescarlessalvador.es\/wp-content\/uploads\/2025\/06\/INFOGRAFIA-TALLER-PROFUNDIZACION-2o-ESO-EL-VALOR-DE-LA-SALUD.pdf\">Taller d\u2019aprofundiment \u201cEl valor de la Actividad F\u00edsica\u201d (EF)<\/a><\/p>\n\n\n\n<p>\u00a8&nbsp; <a href=\"https:\/\/www.iescarlessalvador.es\/wp-content\/uploads\/2026\/03\/INFOGRAFIA-TALLER-TECNO.pdf\">Taller d\u2019aprofundiment \u201cProjectes de Tecnologia\u201d<\/a><\/p>\n\n\n\n<p>\u00a8&nbsp; Taller Refor\u00e7 CASTELL\u00c0<\/p>\n\n\n\n<p>\u00a8&nbsp; Taller Refor\u00e7 MATEM\u00c0TIQUES<\/p>\n\n\n\n<p>\u00a8&nbsp; Taller Refor\u00e7 VALENCI\u00c0<\/p>\n<\/div><\/div>\n\n\n\n<h3 class=\"wp-block-heading has-text-align-left\"><strong><mark style=\"background-color:rgba(0, 0, 0, 0)\" class=\"has-inline-color has-nv-c-2-color\">3r d&#8217;ESO<\/mark><\/strong><\/h3>\n\n\n\n<p>\u00a8&nbsp; Creativitat Musical<\/p>\n\n\n\n<p>\u00a8&nbsp;<a href=\"https:\/\/www.iescarlessalvador.es\/wp-content\/uploads\/2025\/06\/INFOGRAFIA_PIAR-II.pdf\"> Programaci\u00f3 Intel\u00b7lig\u00e8ncia Artificial i Rob\u00f2tica II<\/a><\/p>\n\n\n\n<p>\u00a8&nbsp; Segona Llengua Estrangera (FRANC\u00c9S) <\/p>\n\n\n\n<p>\u00a8&nbsp; Taller Aprofundiment d\u2019Aplicacions Inform\u00e0tiques&nbsp;&nbsp;&nbsp;&nbsp;&nbsp;&nbsp;&nbsp;&nbsp;&nbsp;&nbsp;&nbsp;&nbsp;&nbsp;&nbsp;&nbsp;&nbsp;&nbsp;&nbsp;&nbsp;&nbsp;&nbsp;&nbsp;&nbsp;&nbsp;&nbsp;&nbsp;&nbsp;&nbsp;&nbsp;&nbsp;&nbsp;&nbsp;&nbsp;&nbsp;&nbsp;&nbsp;&nbsp;&nbsp;&nbsp;&nbsp;&nbsp;&nbsp;&nbsp;&nbsp;&nbsp;&nbsp;&nbsp;&nbsp;&nbsp;&nbsp;&nbsp;&nbsp;&nbsp;&nbsp;&nbsp;&nbsp;<\/p>\n\n\n\n<p>\u00a8&nbsp;<a href=\"https:\/\/www.iescarlessalvador.es\/wp-content\/uploads\/2025\/06\/TALLER-APROFUNDIMENT-CIENCIES-3R-ESO.pdf\"> Taller Aprofundiment \u00abCi\u00e8ncia Quotidiana\u00bb (FQ<\/a>)<\/p>\n\n\n\n<p>\u00a8&nbsp; <a href=\"https:\/\/www.iescarlessalvador.es\/wp-content\/uploads\/2025\/06\/taller-aprofundiment-2oESO-taller-hort-i-medi-ambient_BG.pdf\">Taller d\u2019aprofundiment \u201cHort i Medi Ambient (BG)\u201d<\/a><\/p>\n\n\n\n<p>\u00a8&nbsp; <a href=\"https:\/\/www.iescarlessalvador.es\/wp-content\/uploads\/2025\/06\/Logica-y_mates_3r_Eso.pdf\">Taller Aprofundiment \u201cL\u00f2gica i Matem\u00e0tiques\u201d<\/a><\/p>\n\n\n\n<p>&#8211; &nbsp; Taller Aprofundiment \u00abd\u00bbEscriptura Creativa\u00bb<\/p>\n\n\n\n<p>\u00a8&nbsp; <a href=\"https:\/\/www.iescarlessalvador.es\/wp-content\/uploads\/2025\/06\/cultura_clasica3_publicidad.pdf\">Cultura Cl\u00e0ssica<\/a><\/p>\n\n\n\n<p>\u00a8&nbsp; <a href=\"https:\/\/www.iescarlessalvador.es\/wp-content\/uploads\/2025\/06\/Competencia-en-comunicacion-oral_ANGLES.pdf\">Compet\u00e8ncia Comunicativa Oral en Angl\u00e9s<\/a><\/p>\n\n\n\n<p>\u00a8&nbsp; <a href=\"https:\/\/www.iescarlessalvador.es\/wp-content\/uploads\/2025\/06\/INFOGRAFIA-PROYECTO-INTERDISCIPLINAR-3o-ESO-ACTIVATE-CON-EL-CORAZON.pdf\">Projecte Interdisciplinari \u201cAct\u00edvate con el coraz\u00f3n\u201d (EF)&nbsp;&nbsp;&nbsp;<\/a>&nbsp;<\/p>\n\n\n\n<p>\u00a8&nbsp; <a href=\"https:\/\/www.iescarlessalvador.es\/wp-content\/uploads\/2025\/06\/Taller-ECO_3ESO.pdf\">Taller d\u2019Economia<\/a> &nbsp;&nbsp;&nbsp;&nbsp;&nbsp;<\/p>\n\n\n\n<h3 class=\"wp-block-heading has-text-align-left\"><strong><mark style=\"background-color:rgba(0, 0, 0, 0)\" class=\"has-inline-color has-nv-c-2-color\">4t d&#8217;ESO<\/mark><\/strong><\/h3>\n\n\n\n<p>\u00a8&nbsp; <a href=\"https:\/\/www.iescarlessalvador.es\/wp-content\/uploads\/2025\/06\/4-ESO_arts_esceniques.pdf\">Arts Esc\u00e8niques (VLL)<\/a><\/p>\n\n\n\n<p>\u00a8&nbsp; <a href=\"https:\/\/www.iescarlessalvador.es\/wp-content\/uploads\/2025\/06\/PROMO_FILOSOFIA-4ESO.pdf\">Filosofia<\/a><\/p>\n\n\n\n<p>\u00a8&nbsp; Segona Llengua Estrangera (FRANC\u00c9S)<\/p>\n\n\n\n<p>\u00a8&nbsp; <a href=\"https:\/\/www.iescarlessalvador.es\/wp-content\/uploads\/2025\/06\/Competencia-en-comunicacion-oral_ANGLES.pdf\">Compet\u00e8ncia en Comunicaci\u00f3 Oral en Angl\u00e8s<\/a><\/p>\n\n\n\n<p>\u00a8&nbsp; Projecte Interdisciplinari \u201cCultura Cient\u00edfica\u201d<\/p>\n\n\n\n<p>\u00a8&nbsp; <a href=\"https:\/\/www.iescarlessalvador.es\/wp-content\/uploads\/2025\/06\/TALLER-DE-PROFUNDIZACION-CULTURA-CLASICA-4o-ESO.pdf\">Taller d\u2019Aprofundiment \u201cCultura Cl\u00e0ssica\u201d<\/a><\/p>\n\n\n\n<p>\u00a8 &nbsp;<a href=\"https:\/\/www.iescarlessalvador.es\/wp-content\/uploads\/2025\/06\/Taller-daprofundiment-en-interpretacio-musical_4ESO.pdf\">Taller d\u2019aprofundiment en Interpretaci\u00f3 Musical<\/a><\/p>\n\n\n\n<p>\u00a8&nbsp; <a href=\"https:\/\/www.iescarlessalvador.es\/wp-content\/uploads\/2025\/06\/projecte-interdisciplinar-FiQ-4t-eso.pdf\">Projecte Interdisciplinari \u201cAgricultura Sostenible (FQ)\u201d<\/a><\/p>\n\n\n\n<h3 class=\"wp-block-heading has-text-align-left\"><strong><mark style=\"background-color:rgba(0, 0, 0, 0)\" class=\"has-inline-color has-nv-c-2-color\">1r BATXILLERAT<\/mark><\/strong><\/h3>\n\n\n\n<p>\u00a8 Tecnologia i Enginyeria I<\/p>\n\n\n\n<p>\u00a8 Inform\u00e0tica I<\/p>\n\n\n\n<p>\u00a8 Biologia Humana i Salut<\/p>\n\n\n\n<p>\u00a8 Segona llengua estrangera I (Franc\u00e9s)&nbsp;&nbsp;&nbsp;&nbsp;&nbsp;&nbsp;&nbsp;&nbsp;&nbsp;<\/p>\n\n\n\n<p>\u00a8 Biologia Humana i Salut&nbsp;&nbsp;&nbsp;<\/p>\n\n\n\n<p>\u00a8 <a href=\"https:\/\/www.iescarlessalvador.es\/wp-content\/uploads\/2025\/06\/Lenguaje-y-Practica-Musical.pdf\">Llenguatge i Pr\u00e0ctica Musical<\/a><\/p>\n\n\n\n<p>\u00a8 <a href=\"https:\/\/www.iescarlessalvador.es\/wp-content\/uploads\/2025\/06\/GEOGRAFIA-E-HISTORIA-VALENCIANAS.pdf\">Geografia i Hist\u00f2ria valencianes<\/a><\/p>\n\n\n\n<p>\u00a8 <a href=\"https:\/\/www.iescarlessalvador.es\/wp-content\/uploads\/2025\/06\/Dibujo-Artistico-I.pdf\">Dibuix Art\u00edstic I<\/a><\/p>\n\n\n\n<p>\u00a8 <a href=\"https:\/\/www.iescarlessalvador.es\/wp-content\/uploads\/2026\/03\/Guia_optativa_python_vibe_coding.pdf\">Programaci\u00f3 de Videojocs en Pyton amb Vibe Coding<\/a><\/p>\n\n\n\n<p>\u00a8 Redacci\u00f3 period\u00edstica <\/p>\n\n\n\n<p>\u00a8 <a href=\"https:\/\/www.iescarlessalvador.es\/wp-content\/uploads\/2026\/03\/Gestion-de-Proyectos-de-Emprendimiento.pdf\">Gesti\u00f3 de Projectes d&#8217;Emprenedoria<\/a><\/p>\n\n\n\n<p>\u00a8 Escriptura i comunicaci\u00f3<\/p>\n\n\n\n<p>&#8211; Projecte d&#8217;investigaci\u00f3 \u00abCi\u00e8ncia verda i sostenible\u00bb <\/p>\n\n\n\n<h3 class=\"wp-block-heading\"><strong><mark style=\"background-color:rgba(0, 0, 0, 0)\" class=\"has-inline-color has-nv-c-2-color\">2n BATXILLERAT<\/mark><\/strong><\/h3>\n\n\n\n<p>\u00a8 Tecnologia i Enginyeria II<\/p>\n\n\n\n<p>\u00a8 <a href=\"https:\/\/www.iescarlessalvador.es\/wp-content\/uploads\/2025\/06\/INFOGRAFIA-OPTATIVA-2o-BACHILLERATO_EF.pdf\">Activitat F\u00edsica per a la Salut i el Desenvolupament Personal<\/a><\/p>\n\n\n\n<p>\u00a8 <a href=\"https:\/\/www.iescarlessalvador.es\/wp-content\/uploads\/2025\/06\/promo-PSICOLOGIA.pdf\">Psicologia<\/a><\/p>\n\n\n\n<p>\u00a8 Inform\u00e0tica II&nbsp;<\/p>\n\n\n\n<p>\u00a8 Projecte d\u2019investigaci\u00f3 \u2013 Treball Experimental en FiQ<\/p>\n\n\n\n<p>\u00a8 Segona llengua estrangera II (Franc\u00e9s)&nbsp;&nbsp;&nbsp;<\/p>\n\n\n\n<p>\u00a8 <a href=\"https:\/\/www.iescarlessalvador.es\/wp-content\/uploads\/2026\/03\/Union-Europea.pdf\">Uni\u00f3 Europea<\/a><\/p>\n\n\n\n<p>\u00a8 Matem\u00e0tiques CCSS II<\/p>\n\n\n\n<p>\u00a8 <a href=\"https:\/\/www.iescarlessalvador.es\/wp-content\/uploads\/2025\/06\/geologia-2oBatx.pdf\">Geologia i Ci\u00e8ncies Ambientals<\/a><\/p>\n\n\n\n<p>\u00a8 Introducci\u00f3 al Grau en Traducci\u00f3 i Interpretaci\u00f3 (FR)<\/p>\n\n\n\n<p>\u00a8 <a href=\"https:\/\/www.iescarlessalvador.es\/wp-content\/uploads\/2026\/03\/MOVIMIENTOS-CULTURALES-Y-ARTISTICOS_2batx.pdf\">Moviments culturals i art\u00edstics<\/a><\/p>\n\n\n\n<p><\/p>\n","protected":false},"excerpt":{"rendered":"<p>Aquesta es la relaci\u00f3 de mat\u00e8ries optatives que pots triar, i la informaci\u00f3 necess\u00e0ria perqu\u00e8 pugues decidir la que m\u00e9s t&#8217;interessa: 1r d&#8217;ESO \u00a8&nbsp; Taller de Relacions Digitals Responsables (INFORM\u00c0TICA) \u00a8&nbsp; &nbsp;Segona Llengua Estrangera (FRANC\u00c9S) \u00a8 &nbsp;Laboratori de Creaci\u00f3 Audiovisual (PL\u00c0STICA) \u00a8&nbsp; Compet\u00e8ncia Comunicativa Oral en Angl\u00e8s \u00a8&nbsp; Laboratori d\u2019Arts Esc\u00e8niques \u00a8&nbsp; Taller d\u2019Aprofundiment \u201cEl&hellip;&nbsp;<a href=\"https:\/\/www.iescarlessalvador.es\/?page_id=5908\" class=\"\" rel=\"bookmark\">Leer m\u00e1s &raquo;<span class=\"screen-reader-text\">Optatives curs 2026-27<\/span><\/a><\/p>\n","protected":false},"author":1,"featured_media":0,"parent":0,"menu_order":0,"comment_status":"closed","ping_status":"closed","template":"","meta":{"rop_custom_images_group":[],"rop_custom_messages_group":[],"rop_publish_now":"initial","rop_publish_now_accounts":[],"rop_publish_now_history":[],"rop_publish_now_status":"pending","neve_meta_sidebar":"","neve_meta_container":"","neve_meta_enable_content_width":"","neve_meta_content_width":0,"neve_meta_title_alignment":"","neve_meta_author_avatar":"","neve_post_elements_order":"","neve_meta_disable_header":"","neve_meta_disable_footer":"","neve_meta_disable_title":"","footnotes":""},"class_list":["post-5908","page","type-page","status-publish","hentry"],"_links":{"self":[{"href":"https:\/\/www.iescarlessalvador.es\/index.php?rest_route=\/wp\/v2\/pages\/5908","targetHints":{"allow":["GET"]}}],"collection":[{"href":"https:\/\/www.iescarlessalvador.es\/index.php?rest_route=\/wp\/v2\/pages"}],"about":[{"href":"https:\/\/www.iescarlessalvador.es\/index.php?rest_route=\/wp\/v2\/types\/page"}],"author":[{"embeddable":true,"href":"https:\/\/www.iescarlessalvador.es\/index.php?rest_route=\/wp\/v2\/users\/1"}],"replies":[{"embeddable":true,"href":"https:\/\/www.iescarlessalvador.es\/index.php?rest_route=%2Fwp%2Fv2%2Fcomments&post=5908"}],"version-history":[{"count":20,"href":"https:\/\/www.iescarlessalvador.es\/index.php?rest_route=\/wp\/v2\/pages\/5908\/revisions"}],"predecessor-version":[{"id":6433,"href":"https:\/\/www.iescarlessalvador.es\/index.php?rest_route=\/wp\/v2\/pages\/5908\/revisions\/6433"}],"wp:attachment":[{"href":"https:\/\/www.iescarlessalvador.es\/index.php?rest_route=%2Fwp%2Fv2%2Fmedia&parent=5908"}],"curies":[{"name":"wp","href":"https:\/\/api.w.org\/{rel}","templated":true}]}}