{"id":998,"date":"2020-06-16T22:10:49","date_gmt":"2020-06-16T22:10:49","guid":{"rendered":"http:\/\/www.iescarlessalvador.es\/?page_id=998"},"modified":"2021-06-25T20:21:27","modified_gmt":"2021-06-25T20:21:27","slug":"ampa-2","status":"publish","type":"page","link":"https:\/\/www.iescarlessalvador.es\/?page_id=998","title":{"rendered":"AMPA"},"content":{"rendered":"\t\t<div data-elementor-type=\"wp-page\" data-elementor-id=\"998\" class=\"elementor elementor-998\">\n\t\t\t\t\t\t<section class=\"elementor-section elementor-top-section elementor-element elementor-element-ee5bb8d elementor-section-boxed elementor-section-height-default elementor-section-height-default\" data-id=\"ee5bb8d\" data-element_type=\"section\" data-e-type=\"section\">\n\t\t\t\t\t\t<div class=\"elementor-container elementor-column-gap-default\">\n\t\t\t\t\t<div class=\"elementor-column elementor-col-100 elementor-top-column elementor-element elementor-element-adf65be\" data-id=\"adf65be\" data-element_type=\"column\" data-e-type=\"column\">\n\t\t\t<div class=\"elementor-widget-wrap elementor-element-populated\">\n\t\t\t\t\t\t<div class=\"elementor-element elementor-element-284e487 elementor-widget elementor-widget-heading\" data-id=\"284e487\" data-element_type=\"widget\" data-e-type=\"widget\" data-widget_type=\"heading.default\">\n\t\t\t\t<div class=\"elementor-widget-container\">\n\t\t\t\t\t<h2 class=\"elementor-heading-title elementor-size-default\">\u00bfQu\u00e8 \u00e9s l'A.M.P.A.?<\/h2>\t\t\t\t<\/div>\n\t\t\t\t<\/div>\n\t\t\t\t<div class=\"elementor-element elementor-element-ba587bf elementor-widget elementor-widget-text-editor\" data-id=\"ba587bf\" data-element_type=\"widget\" data-e-type=\"widget\" data-widget_type=\"text-editor.default\">\n\t\t\t\t<div class=\"elementor-widget-container\">\n\t\t\t\t\t\t\t\t\t<p>L&#8217;A.M.P.A. IES Carles Salvador \u00e9s l&#8217;associaci\u00f3 de pares, mares o tutors d&#8217;alumnes matriculats en l&#8217;Institut d&#8217;Educaci\u00f3 Secund\u00e0ria Carles Salvador d&#8217;Aldaia ( Val\u00e8ncia). Una associaci\u00f3 sense \u00e0nim de lucre, apol\u00edtica, independent d&#8217;institucions, partits pol\u00edtics, empreses o altres entitats, que t\u00e9 com a objectius contribuir a la millor formaci\u00f3 acad\u00e8mica i humana dels nostres fills.<\/p>\t\t\t\t\t\t\t\t<\/div>\n\t\t\t\t<\/div>\n\t\t\t\t\t<\/div>\n\t\t<\/div>\n\t\t\t\t\t<\/div>\n\t\t<\/section>\n\t\t\t\t<section class=\"elementor-section elementor-top-section elementor-element elementor-element-a4a90a6 elementor-section-boxed elementor-section-height-default elementor-section-height-default\" data-id=\"a4a90a6\" data-element_type=\"section\" data-e-type=\"section\">\n\t\t\t\t\t\t<div class=\"elementor-container elementor-column-gap-default\">\n\t\t\t\t\t<div class=\"elementor-column elementor-col-100 elementor-top-column elementor-element elementor-element-b084247\" data-id=\"b084247\" data-element_type=\"column\" data-e-type=\"column\">\n\t\t\t<div class=\"elementor-widget-wrap elementor-element-populated\">\n\t\t\t\t\t\t<div class=\"elementor-element elementor-element-cd06bbb elementor-widget elementor-widget-toggle\" data-id=\"cd06bbb\" data-element_type=\"widget\" data-e-type=\"widget\" data-widget_type=\"toggle.default\">\n\t\t\t\t<div class=\"elementor-widget-container\">\n\t\t\t\t\t\t\t<div class=\"elementor-toggle\">\n\t\t\t\t\t\t\t<div class=\"elementor-toggle-item\">\n\t\t\t\t\t<div id=\"elementor-tab-title-2141\" class=\"elementor-tab-title\" data-tab=\"1\" role=\"button\" aria-controls=\"elementor-tab-content-2141\" aria-expanded=\"false\">\n\t\t\t\t\t\t\t\t\t\t\t\t<span class=\"elementor-toggle-icon elementor-toggle-icon-left\" aria-hidden=\"true\">\n\t\t\t\t\t\t\t\t\t\t\t\t\t\t\t<span class=\"elementor-toggle-icon-closed\"><i class=\"fas fa-caret-right\"><\/i><\/span>\n\t\t\t\t\t\t\t\t<span class=\"elementor-toggle-icon-opened\"><i class=\"elementor-toggle-icon-opened fas fa-caret-up\"><\/i><\/span>\n\t\t\t\t\t\t\t\t\t\t\t\t\t<\/span>\n\t\t\t\t\t\t\t\t\t\t\t\t<a class=\"elementor-toggle-title\" tabindex=\"0\">NOVETATS I COMUNICATS<\/a>\n\t\t\t\t\t<\/div>\n\n\t\t\t\t\t<div id=\"elementor-tab-content-2141\" class=\"elementor-tab-content elementor-clearfix\" data-tab=\"1\" role=\"region\" aria-labelledby=\"elementor-tab-title-2141\"><p><a href=\"https:\/\/www.iescarlessalvador.es\/wp-content\/uploads\/2021\/06\/21_06_25_Carta-AMPA-IES-CARLES-SALVADOR.pdf\" target=\"_blank\" rel=\"noopener\">Carta AMPA 25\/06\/2021<\/a><\/p><p>Estimats socis\/es:<\/p><p>Les persones que formem part de la directiva de l\u2019AMPA IES CARLES SALVADOR som conscients i no som al\u00b7li\u00efnes a tot el que est\u00e0 passant. La pand\u00e8mia ha fet que les activitats que es desenvolupen al Centre i en les que col\u00b7labora l\u2019AMPA no hagen tingut lloc. \u00c9s per aix\u00f2 i atenent a les inquietuds de les fam\u00edlies que s\u2019han posat en contacte en nosaltres, que s\u2019ha decidit <b>NO COBRAR LA QUOTA DE L\u2019AMPA PER AL CURS 2021-2022 ALS\/LES SOCIS\/ES QUE JA HO EREN AL CURS 2020-2021<\/b><\/p><p>Totes les noves matricules o alumnes que l\u2019any passat no eren socis\/es de l\u2019AMPA, poden fer-ho ingressant la quota de <b>18 \u20ac<\/b> (quota per FAMILIA, NO PER ALUMNE\/A), al seg\u00fcent n\u00famero de conter bancari: <b>ES25- 3159-0053-89-1662395423\u00a0\u00a0<\/b>Indicant el <b>NOM I COGNOM DE L\u2019ALUMNE\/A<\/b>. Caixa Popular no admet ingressos en efectiu, sent la data l\u00edmit per a ser soci\/a fins el 31 de desembre.<\/p><p>&#8212;&#8212;&#8212;&#8212;&#8212;&#8212;&#8212;&#8212;&#8212;&#8212;&#8212;&#8212;&#8212;&#8212;&#8212;&#8212;&#8212;&#8212;&#8212;&#8212;&#8212;&#8212;&#8212;&#8212;&#8212;&#8212;&#8212;&#8212;&#8212;&#8212;&#8212;&#8212;&#8212;&#8212;&#8212;&#8212;&#8212;&#8212;&#8212;&#8212;&#8212;&#8212;&#8212;&#8212;&#8212;&#8212;&#8212;-<\/p><p>Volem aprofitar la ocasi\u00f3 per CONVIDAR-VOS A QUE FORMEU PART DE LA DIRECTIVA DE L\u2019AMPA, ja que les persones que fins ara han s\u2019han fet c\u00e0rrec del funcionament de l\u2019associaci\u00f3, en la mesura de les seues possibilitats, acaben la seua etapa i l\u2019ASSOCIACI\u00d3 EST\u00c0 EN RISC DE DESAPAR\u00c8IXER; per tant, si esteu interessats\/es en continuar i modernitzar-la, fiqueu-vos en contacte en nosaltres a la seg\u00fcent adre\u00e7a electr\u00f2nica: ampa@iescarlessalvador.es.<\/p><p>JUNTA DIRECTIVA AMPA IES CARLES SALVADOR<\/p><p>\u00a0<\/p><p>\u00a0<\/p><p><a href=\"https:\/\/www.iescarlessalvador.es\/wp-content\/uploads\/2021\/05\/Balanc-2019-2020.pdf\" target=\"_blank\" rel=\"noopener\">Balan\u00e7 2019-2020<\/a><\/p><p><a href=\"https:\/\/www.iescarlessalvador.es\/wp-content\/uploads\/2021\/05\/Pressupost-2020-2021.pdf\" target=\"_blank\" rel=\"noopener\">Pressupost 2020-2021<\/a><\/p><p>\u00a0<\/p><p>L\u00b4AMPA de L\u00b4IES CARLES SALVADOR informa:<\/p><p>Hem repartit mascaretes de tela amb el logo de l&#8217;Institut als socis\/es. Estan homologades i s\u00f3n reutilitzables.<\/p><p>Amb la col\u00b7laboraci\u00f3 de l&#8217;Ajuntament d&#8217;Aldaia.<\/p><p>Aprofitem per a desitjar a tota la comunitat educativa uns bons nadals.<\/p><p>LA DIRECTIVA<\/p><p><a href=\"https:\/\/www.iescarlessalvador.es\/wp-content\/uploads\/2020\/12\/COMUNICAT-MASCARETES-AMPA.pdf\">Descarrega la nota informativa<\/a><\/p><\/div>\n\t\t\t\t<\/div>\n\t\t\t\t\t\t\t<div class=\"elementor-toggle-item\">\n\t\t\t\t\t<div id=\"elementor-tab-title-2142\" class=\"elementor-tab-title\" data-tab=\"2\" role=\"button\" aria-controls=\"elementor-tab-content-2142\" aria-expanded=\"false\">\n\t\t\t\t\t\t\t\t\t\t\t\t<span class=\"elementor-toggle-icon elementor-toggle-icon-left\" aria-hidden=\"true\">\n\t\t\t\t\t\t\t\t\t\t\t\t\t\t\t<span class=\"elementor-toggle-icon-closed\"><i class=\"fas fa-caret-right\"><\/i><\/span>\n\t\t\t\t\t\t\t\t<span class=\"elementor-toggle-icon-opened\"><i class=\"elementor-toggle-icon-opened fas fa-caret-up\"><\/i><\/span>\n\t\t\t\t\t\t\t\t\t\t\t\t\t<\/span>\n\t\t\t\t\t\t\t\t\t\t\t\t<a class=\"elementor-toggle-title\" tabindex=\"0\">FINALITATS DE L'AMPA<\/a>\n\t\t\t\t\t<\/div>\n\n\t\t\t\t\t<div id=\"elementor-tab-content-2142\" class=\"elementor-tab-content elementor-clearfix\" data-tab=\"2\" role=\"region\" aria-labelledby=\"elementor-tab-title-2142\"><ul><li>Assistir als pares en tot all\u00f2 que concerneix l&#8217;educaci\u00f3 dels seus fills.<\/li><li>Col\u00b7laborar amb les activitats educatives de l&#8217;Institut.<\/li><li>Promoure la participaci\u00f3 dels pares d&#8217;alumnes en la gesti\u00f3 educativa de l&#8217;Institut.<\/li><li>Assistir als pares en l&#8217;exercici del seu dret a intervindre en el control i gesti\u00f3 de l&#8217;Institut, com a centre sostingut amb fons p\u00fablics.<\/li><li>Sol\u00b7licitar la representaci\u00f3 i participaci\u00f3 dels pares en els Consells Escolars i altres \u00f2rgans col\u00b7legiats.<\/li><li>Promoure tot tipus d&#8217;activitats, tant complement\u00e0ries com extraescolars, encaminades a la formaci\u00f3 integral dels alumnes<\/li><li>Promoure activitats de formaci\u00f3 i integraci\u00f3 dels pares en el proc\u00e9s educatiu.<\/li><\/ul><\/div>\n\t\t\t\t<\/div>\n\t\t\t\t\t\t\t<div class=\"elementor-toggle-item\">\n\t\t\t\t\t<div id=\"elementor-tab-title-2143\" class=\"elementor-tab-title\" data-tab=\"3\" role=\"button\" aria-controls=\"elementor-tab-content-2143\" aria-expanded=\"false\">\n\t\t\t\t\t\t\t\t\t\t\t\t<span class=\"elementor-toggle-icon elementor-toggle-icon-left\" aria-hidden=\"true\">\n\t\t\t\t\t\t\t\t\t\t\t\t\t\t\t<span class=\"elementor-toggle-icon-closed\"><i class=\"fas fa-caret-right\"><\/i><\/span>\n\t\t\t\t\t\t\t\t<span class=\"elementor-toggle-icon-opened\"><i class=\"elementor-toggle-icon-opened fas fa-caret-up\"><\/i><\/span>\n\t\t\t\t\t\t\t\t\t\t\t\t\t<\/span>\n\t\t\t\t\t\t\t\t\t\t\t\t<a class=\"elementor-toggle-title\" tabindex=\"0\">COMPET\u00c8NCIES DE L'AMPA<\/a>\n\t\t\t\t\t<\/div>\n\n\t\t\t\t\t<div id=\"elementor-tab-content-2143\" class=\"elementor-tab-content elementor-clearfix\" data-tab=\"3\" role=\"region\" aria-labelledby=\"elementor-tab-title-2143\"><ul><li>Elevar al Consell Escolar proposta per a l&#8217;elaboraci\u00f3 del projecte educatiu i de la programaci\u00f3 general anual.<\/li><li>Informar el Consell Escolar d&#8217;aquells aspectes de la marxa de l&#8217;Institut que es considere oport\u00fa.<\/li><li>Elaborar propostes per al Consell Escolar a iniciativa pr\u00f2pia o a petici\u00f3 d&#8217;aquest.<\/li><li>Fomentar la col\u00b7laboraci\u00f3 entre els pares i professors de l&#8217;Institut per al millor funcionament d&#8217;aquest.<\/li><li>Promoure la realitzaci\u00f3 d&#8217;activitats complement\u00e0ries.<\/li><li>Informar de les seues activitats.<\/li><li>Coordinaci\u00f3 amb altres AMPAS.<\/li><\/ul><\/div>\n\t\t\t\t<\/div>\n\t\t\t\t\t\t\t<div class=\"elementor-toggle-item\">\n\t\t\t\t\t<div id=\"elementor-tab-title-2144\" class=\"elementor-tab-title\" data-tab=\"4\" role=\"button\" aria-controls=\"elementor-tab-content-2144\" aria-expanded=\"false\">\n\t\t\t\t\t\t\t\t\t\t\t\t<span class=\"elementor-toggle-icon elementor-toggle-icon-left\" aria-hidden=\"true\">\n\t\t\t\t\t\t\t\t\t\t\t\t\t\t\t<span class=\"elementor-toggle-icon-closed\"><i class=\"fas fa-caret-right\"><\/i><\/span>\n\t\t\t\t\t\t\t\t<span class=\"elementor-toggle-icon-opened\"><i class=\"elementor-toggle-icon-opened fas fa-caret-up\"><\/i><\/span>\n\t\t\t\t\t\t\t\t\t\t\t\t\t<\/span>\n\t\t\t\t\t\t\t\t\t\t\t\t<a class=\"elementor-toggle-title\" tabindex=\"0\">SERVEIS QUE OFEREIX L'AMPA<\/a>\n\t\t\t\t\t<\/div>\n\n\t\t\t\t\t<div id=\"elementor-tab-content-2144\" class=\"elementor-tab-content elementor-clearfix\" data-tab=\"4\" role=\"region\" aria-labelledby=\"elementor-tab-title-2144\"><ul><li>Atenci\u00f3 a tots els pares per a escoltar els seus problemes relacionats amb l&#8217;Institut, atendre les seues demandes o traslladar les seues peticions als \u00f2rgans col\u00b7legials.<\/li><li>Promoure la *paticipaci\u00f3n dels pares en les eleccions a consells escolars, aix\u00ed com la seua implicaci\u00f3 en les assemblees i activitats organitzades per l&#8217;AMPA.<\/li><li>Organitzaci\u00f3 d&#8217;activitats extraescolars, de car\u00e0cter formatiu, que propicien el desenvolupament del concepte: educaci\u00f3 integral.<\/li><li>Procurar atenci\u00f3 socioecon\u00f2mica per a la completa integraci\u00f3 dels alumnes.<\/li><li>Col\u00b7laborar en l&#8217;adquisici\u00f3 de material i recursos que milloren el desenvolupament de la formaci\u00f3 dels nostres fills.<\/li><li>Col\u00b7laboraci\u00f3 en les activitats complement\u00e0ries proposades per l&#8217;Institut.<\/li><li>Programa d&#8217;intercanvi esportiu amb altres *paises europeus.<\/li><li>Seguiment i informaci\u00f3 del menjador escolar.<\/li><\/ul><\/div>\n\t\t\t\t<\/div>\n\t\t\t\t\t\t\t\t<\/div>\n\t\t\t\t\t\t<\/div>\n\t\t\t\t<\/div>\n\t\t\t\t\t<\/div>\n\t\t<\/div>\n\t\t\t\t\t<\/div>\n\t\t<\/section>\n\t\t\t\t<section class=\"elementor-section elementor-top-section elementor-element elementor-element-63d76e9 elementor-section-boxed elementor-section-height-default elementor-section-height-default\" data-id=\"63d76e9\" data-element_type=\"section\" data-e-type=\"section\">\n\t\t\t\t\t\t<div class=\"elementor-container elementor-column-gap-default\">\n\t\t\t\t\t<div class=\"elementor-column elementor-col-100 elementor-top-column elementor-element elementor-element-b8b10cb\" data-id=\"b8b10cb\" data-element_type=\"column\" data-e-type=\"column\">\n\t\t\t<div class=\"elementor-widget-wrap elementor-element-populated\">\n\t\t\t\t\t\t<div class=\"elementor-element elementor-element-9951748 elementor-widget elementor-widget-heading\" data-id=\"9951748\" data-element_type=\"widget\" data-e-type=\"widget\" data-widget_type=\"heading.default\">\n\t\t\t\t<div class=\"elementor-widget-container\">\n\t\t\t\t\t<h3 class=\"elementor-heading-title elementor-size-default\">ON T\u00c9 REPRESENTACI\u00d3?<\/h3>\t\t\t\t<\/div>\n\t\t\t\t<\/div>\n\t\t\t\t\t<\/div>\n\t\t<\/div>\n\t\t\t\t\t<\/div>\n\t\t<\/section>\n\t\t\t\t<section class=\"elementor-section elementor-top-section elementor-element elementor-element-a63ce30 elementor-section-boxed elementor-section-height-default elementor-section-height-default\" data-id=\"a63ce30\" data-element_type=\"section\" data-e-type=\"section\">\n\t\t\t\t\t\t<div class=\"elementor-container elementor-column-gap-default\">\n\t\t\t\t\t<div class=\"elementor-column elementor-col-100 elementor-top-column elementor-element elementor-element-fbb7218\" data-id=\"fbb7218\" data-element_type=\"column\" data-e-type=\"column\">\n\t\t\t<div class=\"elementor-widget-wrap elementor-element-populated\">\n\t\t\t\t\t\t<div class=\"elementor-element elementor-element-89be778 elementor-widget elementor-widget-text-editor\" data-id=\"89be778\" data-element_type=\"widget\" data-e-type=\"widget\" data-widget_type=\"text-editor.default\">\n\t\t\t\t<div class=\"elementor-widget-container\">\n\t\t\t\t\t\t\t\t\t<p>Consell Escolar del Centre: \u00c9s el m\u00e0xim \u00f2rgan de participaci\u00f3 i representaci\u00f3 dels diferents estaments (professors, pares, alumnes i personal no docent) de la Comunitat Educativa de l&#8217;Institut. L&#8217;A.M.P.A. compta amb 3 representants en el Consell.<\/p><p>F.A.P.A.: La nostra Associaci\u00f3 pertany a aquesta Federaci\u00f3. Per a una millor informaci\u00f3 i assessorament.<\/p>\t\t\t\t\t\t\t\t<\/div>\n\t\t\t\t<\/div>\n\t\t\t\t\t<\/div>\n\t\t<\/div>\n\t\t\t\t\t<\/div>\n\t\t<\/section>\n\t\t\t\t<\/div>\n\t\t","protected":false},"excerpt":{"rendered":"<p>\u00bfQu\u00e8 \u00e9s l&#8217;A.M.P.A.? L&#8217;A.M.P.A. IES Carles Salvador \u00e9s l&#8217;associaci\u00f3 de pares, mares o tutors d&#8217;alumnes matriculats en l&#8217;Institut d&#8217;Educaci\u00f3 Secund\u00e0ria Carles Salvador d&#8217;Aldaia ( Val\u00e8ncia). Una associaci\u00f3 sense \u00e0nim de lucre, apol\u00edtica, independent d&#8217;institucions, partits pol\u00edtics, empreses o altres entitats, que t\u00e9 com a objectius contribuir a la millor formaci\u00f3 acad\u00e8mica i humana dels nostres&hellip;&nbsp;<a href=\"https:\/\/www.iescarlessalvador.es\/?page_id=998\" class=\"\" rel=\"bookmark\">Leer m\u00e1s &raquo;<span class=\"screen-reader-text\">AMPA<\/span><\/a><\/p>\n","protected":false},"author":1,"featured_media":0,"parent":0,"menu_order":0,"comment_status":"closed","ping_status":"closed","template":"page-templates\/template-pagebuilder-full-width.php","meta":{"rop_custom_images_group":[],"rop_custom_messages_group":[],"rop_publish_now":"initial","rop_publish_now_accounts":[],"rop_publish_now_history":[],"rop_publish_now_status":"pending","neve_meta_sidebar":"right","neve_meta_container":"contained","neve_meta_enable_content_width":"off","neve_meta_content_width":100,"neve_meta_title_alignment":"","neve_meta_author_avatar":"","neve_post_elements_order":"","neve_meta_disable_header":"","neve_meta_disable_footer":"","neve_meta_disable_title":"","footnotes":""},"class_list":["post-998","page","type-page","status-publish","hentry"],"_links":{"self":[{"href":"https:\/\/www.iescarlessalvador.es\/index.php?rest_route=\/wp\/v2\/pages\/998","targetHints":{"allow":["GET"]}}],"collection":[{"href":"https:\/\/www.iescarlessalvador.es\/index.php?rest_route=\/wp\/v2\/pages"}],"about":[{"href":"https:\/\/www.iescarlessalvador.es\/index.php?rest_route=\/wp\/v2\/types\/page"}],"author":[{"embeddable":true,"href":"https:\/\/www.iescarlessalvador.es\/index.php?rest_route=\/wp\/v2\/users\/1"}],"replies":[{"embeddable":true,"href":"https:\/\/www.iescarlessalvador.es\/index.php?rest_route=%2Fwp%2Fv2%2Fcomments&post=998"}],"version-history":[{"count":18,"href":"https:\/\/www.iescarlessalvador.es\/index.php?rest_route=\/wp\/v2\/pages\/998\/revisions"}],"predecessor-version":[{"id":2059,"href":"https:\/\/www.iescarlessalvador.es\/index.php?rest_route=\/wp\/v2\/pages\/998\/revisions\/2059"}],"wp:attachment":[{"href":"https:\/\/www.iescarlessalvador.es\/index.php?rest_route=%2Fwp%2Fv2%2Fmedia&parent=998"}],"curies":[{"name":"wp","href":"https:\/\/api.w.org\/{rel}","templated":true}]}}